{"id":3,"date":"2023-08-14T19:34:26","date_gmt":"2023-08-14T19:34:26","guid":{"rendered":"http:\/\/bi-horbach-wind.de\/?page_id=3"},"modified":"2023-08-29T20:05:54","modified_gmt":"2023-08-29T20:05:54","slug":"privacy-policy","status":"publish","type":"page","link":"https:\/\/bi-horbach-wind.de\/?page_id=3","title":{"rendered":"Datenschutzerkl\u00e4rung"},"content":{"rendered":"<div class='dsgvoaio_policy_shortcode'><h2>Privacy Policy<\/h2>\n<p>As of: 30.08.2023<\/p>\n<p><i style=\"color: #000000\"><span style=\"font-size: 13.5pt;line-height: 19.26px;font-family: Helvetica;color: #444340;background-image: none;background-position: 0%;background-size: auto;background-attachment: scroll\">Soweit auf unseren\u00a0Seiten personenbezogene Daten (beispielsweise Name, Anschrift oder eMail-Adressen) erhoben werden, erfolgt dies soweit m\u00f6glich stets auf freiwilliger Basis. Die Nutzung der Angebote und Dienste ist, soweit m\u00f6glich, stets ohne Angabe personenbezogener Daten m\u00f6glich.<\/span><span style=\"font-size: 13.5pt;line-height: 19.26px;font-family: Helvetica;color: #444340\"><br \/>\n<span style=\"background-image: none;background-position: 0%;background-size: auto;background-attachment: scroll\">Alle Ihre Daten werden unter Beachtung der einschl\u00e4gigen Vorschriften der Bundesdatenschutzgesetze (BDSG) und des Telemediengesetzes (TMG) vom Seitenbetreiber gespeichert. Sie haben jederzeit ein Recht auf kostenlose Auskunft, Berichtigung, Sperrung und L\u00f6schung Ihrer gespeicherten Daten. Sie k\u00f6nnen dies per Email tun. Wir\u00a0geben Ihre Daten nicht an fremde Dritte zu Werbezwecken weiter!<\/span><br \/>\n<span style=\"background-image: none;background-position: 0%;background-size: auto;background-attachment: scroll\">Der Nutzung von im Rahmen der Impressumspflicht ver\u00f6ffentlichten Kontaktdaten durch Dritte zur \u00dcbersendung von nicht ausdr\u00fccklich angeforderter Werbung und Informationsmaterialien wird hiermit ausdr\u00fccklich widersprochen. Der Betreiber der Seiten beh\u00e4lt sich ausdr\u00fccklich rechtliche Schritte im Falle der unverlangten Zusendung von Werbeinformationen, etwa durch Spam-Mails, vor.<\/span><\/span><\/i><\/p>\n<ul>\n<li><\/li>\n<\/ul>\n<h4>Name und Adresse des Datenschutzbeauftragten<\/h4>\n<p>Verantwortlicher im Sinne der Datenschutz-Grundverordnung (DSGVO) und sonstiger in den Mitgliedstaaten der Europ\u00e4ischen Union geltenden Datenschutzgesetze sowie sonstiger datenschutzrechtlicher Bestimmungen ist:<\/p>\n<p>B\u00fcrgerinitiative Horbach-Wind<\/p>\n<p>Bernd Stuhlmann<\/p>\n<p>Frohnrather Weg 109<\/p>\n<p>52072 Aachen<\/p>\n<p>Deutschland<\/p>\n<p><\/p>\n<p><p>E-Mail:&nbsp;<span style=\"display: none !important;\">2SzmTMAjftG6tBG<\/span>info<span style=\"display: none !important;\">PJAUapdXvdPT7sQ<\/span>@<span style=\"display: none !important;\">HMimZ5eGOrHQiER<\/span>bi-horbach-wind.de<span style=\"display: none !important;\">AkHPhMEWWUHZu1G<\/span><\/p>\n<p><\/p>\n<h4>Cookies \/ SessionStorage \/ LocalStorage<\/h4>\n<p>Die Internetseite von uns verwendet Cookies, Localstorage und Sessionstorage. Dies dient dazu, unser den Internetauftritt nutzerfreundlicher, effektiver und sicherer zu machen. Lokale Speicherung und Sitzungsspeicherung ist eine Technologie, die Ihr Browser verwendet, um Daten auf Ihrem Computer oder Mobilger\u00e4t zu speichern. Bei Cookies handelt es sich um Textdateien, die \u00fcber einen Internetbrowser in einem Computersystem gespeichert werden. Sie k\u00f6nnen die Verwendung von Cookies, Localstorage und Sessionstorage verhindern, indem Sie diese in Ihrem Browser einstellen.<\/p>\n<p>Viele Internetseiten und Server verwenden Cookies. Viele Cookies enthalten eine sogenannte Cookie-ID. Eine Cookie-ID ist eine eindeutige Kennung des Cookies. Es handelt sich um eine Zeichenfolge, \u00fcber die Internetseiten und Server dem konkreten Internetbrowser zugeordnet werden k\u00f6nnen, in dem das Cookie gespeichert wurde. Dies erm\u00f6glicht es besuchten Internetseiten und Servern, den individuellen Browser des Betroffenen von anderen Internetbrowsern zu unterscheiden, die andere Cookies enthalten. Anhand der eindeutigen Cookie-ID kann ein bestimmter Internetbrowser wiedererkannt und identifiziert werden.<\/p>\n<p>Durch den Einsatz von Cookies k\u00f6nnen wir den Nutzern dieser Internetseite nutzerfreundlichere Services bereitstellen, die ohne die Cookie-Setzung nicht m\u00f6glich w\u00e4ren.<\/p>\n<p>Mittels eines Cookies k\u00f6nnen die Informationen und Angebote auf unserer Website im Sinne des Nutzers optimiert werden. Cookies erm\u00f6glichen uns, wie bereits erw\u00e4hnt, die Benutzer unserer Website wiederzuerkennen. Zweck dieser Wiedererkennung ist es, den Nutzern die Nutzung unserer Website zu erleichtern. Der Website-Benutzer, der Cookies verwendet, z.B. Die Eingabe von Zugangsdaten ist nicht bei jedem Aufruf der Website erforderlich, da diese von der Website \u00fcbernommen werden und das Cookie somit auf dem Computersystem des Nutzers gespeichert wird.<\/p>\n<p>Die betroffene Person kann die Setzung von Cookies durch unsere Internetseite jederzeit mittels einer entsprechenden Einstellung des genutzten Internetbrowsers verhindern und damit der Setzung von Cookies dauerhaft widersprechen. Dar\u00fcber hinaus k\u00f6nnen bereits gesetzte Cookies jederzeit \u00fcber einen Internetbrowser oder andere Softwareprogramme gel\u00f6scht werden. Dies ist in allen g\u00e4ngigen Internetbrowsern m\u00f6glich. Deaktiviert die betroffene Person die Setzung von Cookies im genutzten Internetbrowser, sind m\u00f6glicherweise nicht alle Funktionen unserer Website vollumf\u00e4nglich nutzbar.<\/p>\n<h4>Sammlung allgemeiner Daten und Informationen<\/h4>\n<p>Unsere Internetseite erfasst mit jedem Aufruf der Internetseite durch eine betroffene Person oder ein automatisiertes System eine Reihe von allgemeinen Daten und Informationen. Diese allgemeinen Daten und Informationen werden in den Server-Logfiles gespeichert. Erfasst werden k\u00f6nnen (1) die verwendeten Browsertypen und -versionen, (2) das vom zugreifenden System verwendete Betriebssystem, (3) die Website, von der ein zugreifendes System auf unsere Website gelangt (sog. Referrer), (4) die Sub -Websites, (5) Datum und Uhrzeit des Zugriffs auf die Internetseite, (6) eine Internetprotokolladresse (IP-Adresse), (7) der Internetdienstanbieter des zugreifenden Systems und (8) sonstige \u00e4hnliche Daten und Informationen, die im Falle von Angriffen auf unsere informationstechnischen Systeme genutzt werden k\u00f6nnen.<\/p>\n<p>Bei der Nutzung dieser allgemeinen Daten und Informationen ziehen wir keine R\u00fcckschl\u00fcsse auf die betroffene Person. Diese Informationen werden vielmehr ben\u00f6tigt, um (1) die Inhalte unserer Internetseite korrekt auszuliefern, (2) die Inhalte unserer Internetseite zu optimieren, (3) die dauerhafte Funktionsf\u00e4higkeit unserer informationstechnologischen Systeme und der Technik unserer Internetseite zu gew\u00e4hrleisten und (4) um Strafverfolgungsbeh\u00f6rden im Falle eines Cyberangriffes die zur Strafverfolgung notwendigen Informationen bereitzustellen. Wir werten die anonym erhobenen Daten und Informationen daher einerseits statistisch und ferner mit dem Ziel aus, den Datenschutz und die Datensicherheit in unserem Unternehmen zu erh\u00f6hen, um letztlich ein optimales Schutzniveau f\u00fcr die von uns verarbeiteten personenbezogenen Daten sicherzustellen.<\/p>\n<h4>Kontaktm\u00f6glichkeit \u00fcber die Seite<\/h4>\n<p>Die Internetseite enth\u00e4lt Angaben, die eine schnelle elektronische Kontaktaufnahme sowie eine unmittelbare Kommunikation mit uns erm\u00f6glichen, was ebenfalls eine allgemeine Adresse der sogenannten elektronischen Post (E-Mail-Adresse) umfasst. Sofern eine betroffene Person per E-Mail mit dem f\u00fcr die Verarbeitung Verantwortlichen aufnimmt, werden die von der betroffenen Person \u00fcbermittelten personenbezogenen Daten automatisch gespeichert. Solche auf freiwilliger Basis von einer betroffenen Person an den f\u00fcr die Verarbeitung Verantwortlichen \u00fcbermittelten personenbezogenen Daten werden f\u00fcr Zwecke der Bearbeitung oder der Kontaktaufnahme zur betroffenen Person gespeichert. Eine Weitergabe dieser personenbezogenen Daten an Dritte erfolgt nicht.<\/p>\n<h4>Regelm\u00e4\u00dfige L\u00f6schung und Sperrung personenbezogener Daten<\/h4>\n<p>Es werden keine personenbezogene Daten verarbeitet und gespeichert. Sofern dies durch die oben genannte Kontaktaufnahme passieren sollte, werden diese Daten der betroffenen Person nur f\u00fcr den Zeitraum, der zur Erreichung des Speicherungszwecks erforderlich ist oder sofern dies durch den Europ\u00e4ischen Richtlinien- und Verordnungsgeber oder einen anderen Gesetzgeber in Gesetzen oder Vorschriften, welchen der f\u00fcr die Verarbeitung Verantwortliche unterliegt, vorgesehen wurde, gespeichert.<\/p>\n<p>Entf\u00e4llt der Speicherungszweck oder l\u00e4uft eine vom Europ\u00e4ischen Richtlinien- und Verordnungsgeber oder einem anderen zust\u00e4ndigen Gesetzgeber vorgeschriebene Speicherfrist ab, werden die personenbezogenen Daten routinem\u00e4\u00dfig und entsprechend den gesetzlichen Vorschriften gesperrt oder gel\u00f6scht.<\/p>\n<h4>Rechte der betroffenen Person<\/h4>\n<ul>\n<li>\n<h4>a) Recht auf Best\u00e4tigung<\/h4>\n<p>Jede betroffene Person hat das vom Europ\u00e4ischen Richtlinien- und Verordnungsgeber gew\u00e4hrte Recht, von dem Verantwortlichen eine Best\u00e4tigung dar\u00fcber zu verlangen, ob sie betreffende personenbezogene Daten verarbeitet werden. M\u00f6chte eine betroffene Person dieses Best\u00e4tigungsrecht in Anspruch nehmen, kann sie sich hierzu jederzeit an den f\u00fcr die Verarbeitung Verantwortlichen wenden.<\/li>\n<li><strong>b) Zugangsrecht<\/strong><\/li>\n<\/ul>\n<p>Jede betroffene Person hat das vom Europ\u00e4ischen Richtlinien- und Verordnungsgeber gew\u00e4hrte Recht, jederzeit von dem f\u00fcr die Verarbeitung Verantwortlichen unentgeltliche Auskunft \u00fcber die zu seiner Person gespeicherten personenbezogenen Daten und eine Kopie dieser Auskunft zu erhalten. Dar\u00fcber hinaus gew\u00e4hren die europ\u00e4ischen Richtlinien und Verordnungen der betroffenen Person Zugriff auf folgende Informationen:<\/p>\n<ul>\n<li>die Zwecke der Verarbeitung;<\/li>\n<li>die Kategorien der betroffenen personenbezogenen Daten;<\/li>\n<li>die Empf\u00e4nger oder Kategorien von Empf\u00e4ngern, gegen\u00fcber denen die personenbezogenen Daten offengelegt worden sind oder noch offengelegt werden, insbesondere bei Empf\u00e4ngern in Drittl\u00e4ndern oder bei internationalen Organisationen;<\/li>\n<li>sofern m\u00f6glich, die geplante Dauer, f\u00fcr die die personenbezogenen Daten gespeichert werden, oder, falls dies nicht m\u00f6glich ist, die Kriterien f\u00fcr die Festlegung dieser Dauer;<\/li>\n<li>das Bestehen eines Rechts, vom Verantwortlichen die Berichtigung oder L\u00f6schung personenbezogener Daten oder die Einschr\u00e4nkung der Verarbeitung personenbezogener Daten der betroffenen Person zu verlangen oder dieser Verarbeitung zu widersprechen;<\/li>\n<li>das Bestehen eines Beschwerderechts bei einer Aufsichtsbeh\u00f6rde;<\/li>\n<li>sofern die personenbezogenen Daten nicht bei der betroffenen Person erhoben werden, alle verf\u00fcgbaren Informationen \u00fcber deren Herkunft;<\/li>\n<li>das Bestehen einer automatisierten Entscheidungsfindung einschlie\u00dflich Profiling gem\u00e4\u00df Artikel 22 Abs\u00e4tze 1 und 4 DSGVO und \u2013 zumindest in diesen F\u00e4llen \u2013 aussagekr\u00e4ftige Informationen \u00fcber die involvierte Logik sowie die Tragweite und die voraussichtlichen Auswirkungen dieser Entscheidung eine solche Verarbeitung f\u00fcr die betroffene Person.<\/li>\n<li>Dar\u00fcber hinaus steht der betroffenen Person ein Auskunftsrecht dar\u00fcber zu, ob personenbezogene Daten in ein Drittland oder an eine internationale Organisation \u00fcbermittelt werden. Sofern dies der Fall ist, steht der betroffenen Person im \u00dcbrigen das Recht zu, Auskunft \u00fcber die geeigneten Garantien im Zusammenhang mit der \u00dcbermittlung zu erhalten.<\/li>\n<\/ul>\n<p>M\u00f6chte eine betroffene Person dieses Auskunftsrecht in Anspruch nehmen, kann sie sich hierzu jederzeit an den f\u00fcr die Verarbeitung Verantwortlichen wenden.<\/p>\n<ul>\n<li>\n<h4>c) Recht auf Berichtigung<\/h4>\n<p>Jede betroffene Person hat das vom Europ\u00e4ischen Richtlinien- und Verordnungsgeber gew\u00e4hrte Recht, von dem Verantwortlichen unverz\u00fcglich die Berichtigung sie betreffender unrichtiger personenbezogener Daten zu verlangen. Unter Ber\u00fccksichtigung der Zwecke der Verarbeitung hat die betroffene Person das Recht, die Vervollst\u00e4ndigung unvollst\u00e4ndiger personenbezogener Daten \u2013 auch mittels einer erg\u00e4nzenden Erkl\u00e4rung \u2013 zu verlangen.<\/p>\n<p>M\u00f6chte eine betroffene Person dieses Berichtigungsrecht in Anspruch nehmen, kann sie sich hierzu jederzeit an den f\u00fcr die Verarbeitung Verantwortlichen wenden<\/li>\n<li>\n<h4>d) Recht auf L\u00f6schung (Recht auf Vergessenwerden)<\/h4>\n<p>Jede betroffene Person hat das vom Europ\u00e4ischen Gesetzgeber gew\u00e4hrte Recht, von dem Verantwortlichen die unverz\u00fcgliche L\u00f6schung der sie betreffenden personenbezogenen Daten zu verlangen, und der Verantwortliche ist verpflichtet, personenbezogene Daten unverz\u00fcglich zu l\u00f6schen, wenn einer der folgenden Gr\u00fcnde vorliegt Es gilt, soweit die Verarbeitung nicht erforderlich ist:<\/p>\n<p>Die personenbezogenen Daten sind f\u00fcr die Zwecke, f\u00fcr die sie erhoben oder auf sonstige Weise verarbeitet wurden, nicht mehr notwendig.<\/p>\n<p>Die betroffene Person widerruft ihre Einwilligung, auf die sich die Verarbeitung gem\u00e4\u00df Art. 6 Abs. 1 lit. a DSGVO oder Art. 9 Abs. 2 lit. a DSGVO st\u00fctzte, und es fehlt an einer anderweitigen Rechtsgrundlage f\u00fcr die Bearbeitung.<\/p>\n<p>Die betroffene Person legt gem\u00e4\u00df Art. 21 Abs. 1 DSGVO Widerspruch gegen die Verarbeitung ein und es liegen keine vorrangigen berechtigten Gr\u00fcnde f\u00fcr die Verarbeitung vor, oder die betroffene Person legt gem\u00e4\u00df Art. 21 Abs. 2 DSGVO Widerspruch gegen die Verarbeitung ein.<\/p>\n<p>Die personenbezogenen Daten wurden unrechtm\u00e4\u00dfig verarbeitet.<\/p>\n<p>Die L\u00f6schung der personenbezogenen Daten ist zur Erf\u00fcllung einer rechtlichen Verpflichtung nach dem Unionsrecht oder dem Recht der Mitgliedstaaten erforderlich, dem der Verantwortliche unterliegt.<\/p>\n<p>Die personenbezogenen Daten wurden in Bezug auf angebotene Dienste der Informationsgesellschaft gem\u00e4\u00df Art. 8 Abs. 1 DSGVO erhoben.<\/p>\n<p>Sofern einer der oben genannten Gr\u00fcnde zutrifft und eine betroffene Person die L\u00f6schung ihrer bei uns gespeicherten personenbezogenen Daten veranlassen m\u00f6chte, kann sie sich hierzu jederzeit an einen Mitarbeiter des f\u00fcr die Verarbeitung Verantwortlichen wenden. Der Mitarbeiter wird veranlassen, dass dem L\u00f6schverlangen unverz\u00fcglich nachgekommen wird.<\/p>\n<p>Wenn der Verantwortliche personenbezogene Daten \u00f6ffentlich gemacht hat und gem\u00e4\u00df Artikel 17 Absatz 1 zur L\u00f6schung der personenbezogenen Daten verpflichtet ist, ergreift der Verantwortliche unter Ber\u00fccksichtigung der verf\u00fcgbaren Technologie und der Implementierungskosten angemessene Schritte, einschlie\u00dflich technischer Ma\u00dfnahmen, um andere zu informieren Verantwortliche, die die personenbezogenen Daten verarbeiten, von denen die betroffene Person die L\u00f6schung jeglicher Links zu diesen personenbezogenen Daten oder Kopien oder Replikationen dieser personenbezogenen Daten verlangt hat, soweit die Verarbeitung nicht erforderlich ist. Ein Mitarbeiter von uns wird im Einzelfall das Notwendige veranlassen<\/li>\n<li>\n<h4>e) Recht auf Einschr\u00e4nkung der Verarbeitung<\/h4>\n<p>Jede betroffene Person hat das vom Europ\u00e4ischen Richtlinien- und Verordnungsgeber gew\u00e4hrte Recht, von dem Verantwortlichen die Einschr\u00e4nkung der Verarbeitung zu verlangen, wenn einer der folgenden Gr\u00fcnde zutrifft:<\/p>\n<p>Die Richtigkeit der personenbezogenen Daten wird von der betroffenen Person bestritten, und zwar f\u00fcr eine Dauer, die es dem Verantwortlichen erm\u00f6glicht, die Richtigkeit der personenbezogenen Daten zu \u00fcberpr\u00fcfen.<\/p>\n<p>Die Verarbeitung ist unrechtm\u00e4\u00dfig und die betroffene Person lehnt die L\u00f6schung der personenbezogenen Daten ab und verlangt stattdessen die Einschr\u00e4nkung ihrer Nutzung.<\/p>\n<p>Der Verantwortliche ben\u00f6tigt die personenbezogenen Daten f\u00fcr die Zwecke der Verarbeitung nicht l\u00e4nger, die betroffene Person ben\u00f6tigt sie jedoch zur Geltendmachung, Aus\u00fcbung oder Verteidigung von Rechtsanspr\u00fcchen.<\/p>\n<p>Die betroffene Person hat gem\u00e4\u00df Artikel 21 Absatz 1 DSGVO Widerspruch gegen die Verarbeitung eingelegt, bis festgestellt wurde, ob die berechtigten Gr\u00fcnde des Verantwortlichen gegen\u00fcber denen der betroffenen Person \u00fcberwiegen.<\/p>\n<p>Sofern eine der oben genannten Voraussetzungen gegeben ist und eine betroffene Person die Einschr\u00e4nkung der Verarbeitung ihrer bei uns gespeicherten personenbezogenen Daten verlangen m\u00f6chte, kann sie sich hierzu jederzeit an einen Mitarbeiter des f\u00fcr die Verarbeitung Verantwortlichen wenden. Der Mitarbeiter von uns wird die Einschr\u00e4nkung der Verarbeitung veranlassen<\/li>\n<li>\n<h4>f) Recht auf Daten\u00fcbertragbarkeit<\/h4>\n<p>Jede betroffene Person hat das vom Europ\u00e4ischen Richtlinien- und Verordnungsgeber gew\u00e4hrte Recht, die sie betreffenden personenbezogenen Daten, welche einem Verantwortlichen bereitgestellt wurden, in einem strukturierten, g\u00e4ngigen und maschinenlesbaren Format zu erhalten. Er hat das Recht, diese Daten einem anderen Verantwortlichen ohne Behinderung durch den Verantwortlichen, dem die personenbezogenen Daten bereitgestellt wurden, zu \u00fcbermitteln, sofern die Verarbeitung auf einer Einwilligung gem\u00e4\u00df Artikel 6 Absatz 1 Buchstabe a beruht DSGVO oder Art. 9 Abs. 2 lit. a DSGVO oder auf einem Vertrag gem. Art. 6 Abs. 1 lit. b DSGVO beruhen und die Verarbeitung mithilfe automatisierter Verfahren erfolgt, sofern die Verarbeitung ist nicht f\u00fcr die Wahrnehmung einer Aufgabe erforderlich, die im \u00f6ffentlichen Interesse liegt oder in Aus\u00fcbung \u00f6ffentlicher Gewalt erfolgt, die dem Verantwortlichen \u00fcbertragen wurde.<\/p>\n<p>Dar\u00fcber hinaus hat die betroffene Person bei der Aus\u00fcbung ihres Rechts auf Daten\u00fcbertragbarkeit gem\u00e4\u00df Artikel 20 Absatz 1 DSGVO das Recht, personenbezogene Daten direkt von einem Verantwortlichen an einen anderen \u00fcbermitteln zu lassen, sofern dies technisch machbar ist und dies nicht m\u00f6glich ist die Rechte und Freiheiten anderer beeintr\u00e4chtigen.<\/p>\n<p>Zur Geltendmachung des Rechts auf Daten\u00fcbertragbarkeit kann sich die betroffene Person jederzeit an einen unserer Mitarbeiter wenden.<\/li>\n<li>\n<h4>g) Widerspruchsrecht<\/h4>\n<p>Jede betroffene Person hat das vom europ\u00e4ischen Gesetzgeber gew\u00e4hrte Recht, aus Gr\u00fcnden, die sich aus ihrer besonderen Situation ergeben, jederzeit gegen die Verarbeitung sie betreffender personenbezogener Daten, die auf Grundlage von Buchstabe e oder f erfolgt, Widerspruch einzulegen ) des Art. 6 Abs. 1 DSGVO. Dies gilt auch f\u00fcr ein auf diese Bestimmungen gest\u00fctztes Profiling.<\/p>\n<p>Wir verarbeiten die personenbezogenen Daten im Falle des Widerspruchs nicht mehr, es sei denn, wir k\u00f6nnen zwingende schutzw\u00fcrdige Gr\u00fcnde f\u00fcr die Verarbeitung nachweisen, die den Interessen, Rechten und Freiheiten der betroffenen Person \u00fcberwiegen, oder die Verarbeitung dient der Geltendmachung, Aus\u00fcbung oder Verteidigung von Rechtsanspr\u00fcchen.<\/p>\n<p>Verarbeiten wir personenbezogene Daten, um Direktwerbung zu betreiben, so hat die betroffene Person das Recht, jederzeit Widerspruch gegen die Verarbeitung sie betreffender personenbezogener Daten zum Zwecke derartiger Werbung einzulegen. Dies gilt f\u00fcr das Profiling, soweit es mit solcher Direktwerbung in Verbindung steht. Widerspricht die betroffene Person uns gegen\u00fcber der Verarbeitung f\u00fcr Zwecke der Direktwerbung, werden wir die personenbezogenen Daten nicht mehr f\u00fcr diese Zwecke verarbeiten.<\/p>\n<p>Dar\u00fcber hinaus hat die betroffene Person das Recht, aus Gr\u00fcnden, die sich aus ihrer besonderen Situation ergeben, gegen die Verarbeitung sie betreffender personenbezogener Daten durch uns, die zu wissenschaftlichen oder historischen Forschungszwecken oder zu statistischen Zwecken gem\u00e4\u00df Artikel 89 Absatz 1 erfolgt, Widerspruch einzulegen ) der DSGVO, es sei denn, die Verarbeitung ist f\u00fcr die Wahrnehmung einer Aufgabe erforderlich, die im \u00f6ffentlichen Interesse liegt.<\/p>\n<p>Zur Aus\u00fcbung des Rechts auf Widerspruch kann sich die betroffene Person jederzeit an einen unserer Mitarbeiter wenden. Der betroffenen Person steht es dar\u00fcber hinaus frei, im Zusammenhang mit der Nutzung von Diensten der Informationsgesellschaft, ungeachtet der Richtlinie 2002\/58\/EG, ihr Widerspruchsrecht mittels automatisierter Verfahren auszu\u00fcben, bei denen technische Spezifikationen verwendet werden<\/li>\n<li>\n<h4>h) Recht auf Widerruf der datenschutzrechtlichen Einwilligung<\/h4>\n<p>Jede betroffene Person hat das vom Europ\u00e4ischen Richtlinien- und Verordnungsgeber gew\u00e4hrte Recht, eine Einwilligung zur Verarbeitung ihrer personenbezogenen Daten jederzeit zu widerrufen.<\/p>\n<p>M\u00f6chte die betroffene Person ihr Recht auf Widerruf einer Einwilligung geltend machen, kann sie sich hierzu jederzeit an uns wenden.<\/li>\n<\/ul>\n<h4>Rechtsgrundlage f\u00fcr die Verarbeitung<\/h4>\n<p>Kunst. 6(1)lit. a DSGVO dient als Rechtsgrundlage f\u00fcr Verarbeitungsvorg\u00e4nge, bei denen wir eine Einwilligung f\u00fcr einen bestimmten Verarbeitungszweck einholen. Ist die Verarbeitung personenbezogener Daten f\u00fcr die Erf\u00fcllung eines Vertrages, dessen Vertragspartei die betroffene Person ist, erforderlich, wie dies beispielsweise der Fall ist, wenn Verarbeitungsvorg\u00e4nge f\u00fcr die Lieferung von Waren oder die Erbringung einer sonstigen Leistung erforderlich sind, erfolgt die Verarbeitung gest\u00fctzt auf Art. 6 Abs. 1 lit. b DSGVO. Gleiches gilt f\u00fcr solche Verarbeitungsvorg\u00e4nge die zur Durchf\u00fchrung vorvertraglicher Ma\u00dfnahmen erforderlich sind, etwa in F\u00e4llen von Anfragen zur unseren Produkten oder Leistungen. Unterliegt unser Unternehmen einer rechtlichen Verpflichtung durch welche eine Verarbeitung personenbezogener Daten erforderlich wird, wie beispielsweise zur Erf\u00fcllung steuerlicher Pflichten, so basiert die Verarbeitung auf Art. 6(1)lit. c DSGVO.<\/p>\n<p>In seltenen F\u00e4llen k\u00f6nnte die Verarbeitung von personenbezogenen Daten erforderlich werden, um lebenswichtige Interessen der betroffenen Person oder einer anderen nat\u00fcrlichen Person zu sch\u00fctzen. Dies w\u00e4re beispielsweise der Fall, wenn ein Besucher in unserem Unternehmen verletzt w\u00fcrde und sein Name, sein Alter, seine Krankenversicherungsdaten oder andere lebenswichtige Informationen an einen Arzt, ein Krankenhaus oder einen anderen Dritten weitergegeben werden m\u00fcssten. Dann w\u00fcrde die Verarbeitung auf Art. 6(1)lit. d DSGVO.<\/p>\n<p>Schlie\u00dflich k\u00f6nnten Verarbeitungsvorg\u00e4nge auf Art. 6 Abs. 1 lit. f DSGVO beruhen. f DSGVO. Auf dieser Rechtsgrundlage basieren Verarbeitungsvorg\u00e4nge, die nicht von einer der oben genannten Rechtsgrundlagen erfasst werden, wenn die Verarbeitung zur Wahrung eines berechtigten Interesses unseres Unternehmens oder eines Dritten erforderlich ist und das erstgenannte Interesse nicht \u00fcberwiegt oder Grundrechte und Grundfreiheiten der betroffenen Person, die den Schutz personenbezogener Daten erfordern. Solche Verarbeitungsvorg\u00e4nge sind insbesondere deshalb zul\u00e4ssig, weil sie durch den Europ\u00e4ischen Gesetzgeber besonders erw\u00e4hnt wurden. Seiner Ansicht nach k\u00f6nnte ein berechtigtes Interesse dann anzunehmen sein, wenn die betroffene Person ein Kunde des Verantwortlichen ist (Erw\u00e4gungsgrund 47 Satz 2 DSGVO).<\/p>\n<h4>Zeitraum, f\u00fcr den die personenbezogenen Daten gespeichert werden<\/h4>\n<p>Ma\u00dfgeblich f\u00fcr die Dauer der Speicherung personenbezogener Daten ist die jeweilige gesetzliche Aufbewahrungsfrist. Nach Ablauf der Frist werden die entsprechenden Daten routinem\u00e4\u00dfig gel\u00f6scht, sofern sie nicht mehr zur Vertragserf\u00fcllung oder Vertragsanbahnung erforderlich sind.<\/p>\n<h3>Allgemeine Cookies<\/h3>\n<table style=\"width: 100%\">\n<tbody>\n<tr>\n<th>Name<\/th>\n<th>Purpose<\/th>\n<th>Validity<\/th>\n<\/tr>\n<tr>\n<td>test_cookie<\/td>\n<td>This cookie determines whether the use of cookies has been disabled in the browser. Duration of storage: Until the end of the browser session (will be deleted when closing your internet browser).<\/td>\n<td>Session<\/td>\n<\/tr>\n<tr>\n<td>PHPSESSID<\/td>\n<td>This cookie stores your current session with respect to PHP applications, ensuring that all features of this website based on the PHP programming language are fully displayed. Duration of storage: Until the end of the browser session (will be deleted when closing your internet browser).<\/td>\n<td>Session<\/td>\n<\/tr>\n<tr>\n<td>akm_mobile<\/td>\n<td>These cookies are only used for the administration area.<\/td>\n<td>1 Year<\/td>\n<\/tr>\n<tr>\n<td>logged_in_akm_mobile<\/td>\n<td>These cookies are only used for the administration area and do not apply to other site visitors.<\/td>\n<td>Session<\/td>\n<\/tr>\n<tr>\n<td>akm_mobile<\/td>\n<td>These cookies are only used for the administration area and do not apply to other site visitors.<\/td>\n<td>Session<\/td>\n<\/tr>\n<tr>\n<td>time-akm_mobile<\/td>\n<td>These cookies are only used for the administration area and do not apply to other site visitors.<\/td>\n<td>Session<\/td>\n<\/tr>\n<tr>\n<td>ab<\/td>\n<td>Is used for A \/ B testing of new features.<\/td>\n<td>Session<\/td>\n<\/tr>\n<tr>\n<td>akm_mobile<\/td>\n<td>saves if the visitor wants to see the mobile version of a website.<\/td>\n<td>1 Day<\/td>\n<\/tr>\n<\/tbody>\n<\/table>\n<p>&nbsp;<\/p>\n<\/div>\n","protected":false},"excerpt":{"rendered":"<p> <a class=\"continue-reading-link\" href=\"https:\/\/bi-horbach-wind.de\/?page_id=3\"><span>hier weiterlesen<\/span><i class=\"crycon-right-dir\"><\/i><\/a> <\/p>\n","protected":false},"author":1,"featured_media":0,"parent":0,"menu_order":0,"comment_status":"closed","ping_status":"open","template":"","meta":{"footnotes":""},"class_list":["post-3","page","type-page","status-publish","hentry"],"_links":{"self":[{"href":"https:\/\/bi-horbach-wind.de\/index.php?rest_route=\/wp\/v2\/pages\/3","targetHints":{"allow":["GET"]}}],"collection":[{"href":"https:\/\/bi-horbach-wind.de\/index.php?rest_route=\/wp\/v2\/pages"}],"about":[{"href":"https:\/\/bi-horbach-wind.de\/index.php?rest_route=\/wp\/v2\/types\/page"}],"author":[{"embeddable":true,"href":"https:\/\/bi-horbach-wind.de\/index.php?rest_route=\/wp\/v2\/users\/1"}],"replies":[{"embeddable":true,"href":"https:\/\/bi-horbach-wind.de\/index.php?rest_route=%2Fwp%2Fv2%2Fcomments&post=3"}],"version-history":[{"count":2,"href":"https:\/\/bi-horbach-wind.de\/index.php?rest_route=\/wp\/v2\/pages\/3\/revisions"}],"predecessor-version":[{"id":150,"href":"https:\/\/bi-horbach-wind.de\/index.php?rest_route=\/wp\/v2\/pages\/3\/revisions\/150"}],"wp:attachment":[{"href":"https:\/\/bi-horbach-wind.de\/index.php?rest_route=%2Fwp%2Fv2%2Fmedia&parent=3"}],"curies":[{"name":"wp","href":"https:\/\/api.w.org\/{rel}","templated":true}]}}